{"id":2864,"date":"2024-04-23T01:05:36","date_gmt":"2024-04-22T23:05:36","guid":{"rendered":"http:\/\/nancy-tunon.com\/el-profesorado\/silvia-quer\/"},"modified":"2024-04-23T01:06:08","modified_gmt":"2024-04-22T23:06:08","slug":"silvia-quer","status":"publish","type":"page","link":"https:\/\/nancy-tunon.com\/es\/el-profesorado\/silvia-quer\/","title":{"rendered":"Silvia Quer"},"content":{"rendered":"\t\t<div data-elementor-type=\"wp-page\" data-elementor-id=\"2864\" class=\"elementor elementor-2864 elementor-2856\" data-elementor-post-type=\"page\">\n\t\t\t\t<div class=\"elementor-element elementor-element-42397d62 e-con-full e-flex e-con e-parent\" data-id=\"42397d62\" data-element_type=\"container\" data-e-type=\"container\">\n\t\t\t\t<div class=\"elementor-element elementor-element-4b3347fe elementor-widget elementor-widget-template\" data-id=\"4b3347fe\" data-element_type=\"widget\" data-e-type=\"widget\" data-widget_type=\"template.default\">\n\t\t\t\t<div class=\"elementor-widget-container\">\n\t\t\t\t\t\t\t<div class=\"elementor-template\">\n\t\t\t\t\t<div data-elementor-type=\"container\" data-elementor-id=\"2630\" class=\"elementor elementor-2630 elementor-2628 elementor-2628\" data-elementor-post-type=\"elementor_library\">\n\t\t\t\t<div class=\"elementor-element elementor-element-10263ea4 e-flex e-con-boxed e-con e-parent\" data-id=\"10263ea4\" data-element_type=\"container\" data-e-type=\"container\" data-settings=\"{&quot;background_background&quot;:&quot;classic&quot;}\">\n\t\t\t\t\t<div class=\"e-con-inner\">\n\t\t\t\t<div class=\"elementor-element elementor-element-5e24f1f1 elementor-widget__width-inherit elementor-widget elementor-widget-heading\" data-id=\"5e24f1f1\" data-element_type=\"widget\" data-e-type=\"widget\" data-widget_type=\"heading.default\">\n\t\t\t\t<div class=\"elementor-widget-container\">\n\t\t\t\t\t<h2 class=\"elementor-heading-title elementor-size-default\">El profesorado<\/h2>\t\t\t\t<\/div>\n\t\t\t\t<\/div>\n\t\t\t\t<div class=\"elementor-element elementor-element-a307cb2 profesor-individual-titulo elementor-widget elementor-widget-heading\" data-id=\"a307cb2\" data-element_type=\"widget\" data-e-type=\"widget\" data-widget_type=\"heading.default\">\n\t\t\t\t<div class=\"elementor-widget-container\">\n\t\t\t\t\t<h1 class=\"elementor-heading-title elementor-size-default\">Silvia Quer<\/h1>\t\t\t\t<\/div>\n\t\t\t\t<\/div>\n\t\t\t\t\t<\/div>\n\t\t\t\t<\/div>\n\t\t\t\t<\/div>\n\t\t\t\t<\/div>\n\t\t\t\t\t\t<\/div>\n\t\t\t\t<\/div>\n\t\t\t\t<\/div>\n\t\t<div class=\"elementor-element elementor-element-7f55df4b e-flex e-con-boxed e-con e-parent\" data-id=\"7f55df4b\" data-element_type=\"container\" data-e-type=\"container\">\n\t\t\t\t\t<div class=\"e-con-inner\">\n\t\t\t\t<div class=\"elementor-element elementor-element-4bbfa0d8 elementor-widget__width-initial elementor-widget-mobile__width-inherit elementor-widget elementor-widget-image\" data-id=\"4bbfa0d8\" data-element_type=\"widget\" data-e-type=\"widget\" data-widget_type=\"image.default\">\n\t\t\t\t<div class=\"elementor-widget-container\">\n\t\t\t\t\t\t\t\t\t\t\t\t\t\t\t<img fetchpriority=\"high\" decoding=\"async\" width=\"339\" height=\"452\" src=\"https:\/\/nancy-tunon.com\/wp-content\/uploads\/2024\/04\/SILVIA-QUER.jpg\" class=\"attachment-large size-large wp-image-2860\" alt=\"\" srcset=\"https:\/\/nancy-tunon.com\/wp-content\/uploads\/2024\/04\/SILVIA-QUER.jpg 339w, https:\/\/nancy-tunon.com\/wp-content\/uploads\/2024\/04\/SILVIA-QUER-225x300.jpg 225w\" sizes=\"(max-width: 339px) 100vw, 339px\" \/>\t\t\t\t\t\t\t\t\t\t\t\t\t\t\t<\/div>\n\t\t\t\t<\/div>\n\t\t\t\t<div class=\"elementor-element elementor-element-8040465 elementor-widget__width-initial elementor-widget-mobile__width-inherit elementor-widget elementor-widget-text-editor\" data-id=\"8040465\" data-element_type=\"widget\" data-e-type=\"widget\" data-widget_type=\"text-editor.default\">\n\t\t\t\t<div class=\"elementor-widget-container\">\n\t\t\t\t\t\t\t\t\t<p class=\"p1\"><span class=\"s1\">Estudi\u00f3 en el Liceo Franc\u00e9s de Barcelona. Cursa talleres de direcci\u00f3n de actores en la Escuela Internacional de Cine y Televisi\u00f3n de San Antonio de los Ba\u00f1os-Cuba- y en otras escuelas de interpretaci\u00f3n. Con 19 a\u00f1os empieza a trabajar como ayudante de realizaci\u00f3n en TV3, Televisi\u00f3 de Catalunya y en 1990 empieza a realizar programas de entretenimiento, infantiles, videoclips, etc. En 1993 pasa a dirigir series dram\u00e1ticas para la misma cadena de televisi\u00f3n.<\/span><\/p>\n<p class=\"p1\"><span class=\"s1\">Directora de cap\u00edtulos de series televisivas como <i>Poble Nou<\/i> (1994), <i>Secretos de familia<\/i> (1995), <i>Laberinto de sombras<\/i> (1998), <i>Nissaga de poder<\/i> , <i>Nissaga, la herencia<\/i> , <i>Mayor\u00eda absoluta<\/i> (2002), 50 <i>a\u00f1os de &#8230;<\/i> (2009)<\/span><\/p>\n<p class=\"p1\"><span class=\"s1\">Tambi\u00e9n ha dirigido para la peque\u00f1a pantalla los telefilmes <i>Valeria<\/i> (2000), premiada en el Festival de Biarritz; <i>La estrategia del cuco<\/i> (2001), <i>Carlos, pr\u00edncipe de Viana<\/i> (2001), sobre Carlos IV de Navarra, premiada en el Festival de Venecia; <i>Sara<\/i> (2003).<\/span><\/p>\n<p class=\"p1\"><span class=\"s1\">En 2004 tambi\u00e9n debuta en el cine con <i>Febrer<\/i> (2004), una adaptaci\u00f3n de la novela <i>Cinco noches de febrero<\/i> , del escritor Eduard M\u00e1rquez.<\/span><\/p>\n<p class=\"p1\"><span class=\"s1\">Sus trabajos m\u00e1s recientes son telefilmes. En 2009 dirige  <i>23-F: el d\u00eda m\u00e1s dif\u00edcil del Rey<\/i>  (2009), para TVE y TV3, sobre el intento de golpe de Estado premiado, entre otros, con el premio Ondas, el Premio Nacional, y el Gaud\u00ed a la mejor miniserie;  <i>La otra ciudad<\/i>  (2009), drama en el que \u00c1ngeles Gonz\u00e1lez-Sinde adapt\u00f3 la novela hom\u00f3nima de Pablo Aranda e interpretado por Trist\u00e1n Ulloa. En 2010 dirige <i>Operaci\u00f3n Jaque<\/i> (2010) miniserie sobre el secuestro y rescate de Ingrid Betancourt y de los agentes que idearon la operaci\u00f3n, y que fue nominada a los International Emmy Awards en 2011 y premiada con el Fipa de oro a la mejor miniserie en el Festival de Biarritz. Comenz\u00f3 a colaborar con Bamb\u00fa Producciones, donde dirigi\u00f3 <i>Gran Reserva<\/i> (2011), <i>Gran Hotel<\/i> (2012), <i>Velvet<\/i> (2013), <i>So Sospita<\/i> (2014) y <i>La Xirgu<\/i> (2015), la historia de la gran dama de la escena catalana, con Laia Marull como protagonista.<\/span><\/p>\n<p class=\"p1\"><span class=\"s1\">Compagina su trabajo de direcci\u00f3n con la realizaci\u00f3n de espots publicitarios y la docencia en diversas parcelas del audiovisual y actoral.<\/span><\/p>\n<p class=\"p1\"><span class=\"s1\">Colabora con el Estudio Nancy Tu\u00f1\u00f3n \u00b7 Jordi Oliver.  <\/span><\/p>\n\t\t\t\t\t\t\t\t<\/div>\n\t\t\t\t<\/div>\n\t\t\t\t\t<\/div>\n\t\t\t\t<\/div>\n\t\t<div class=\"elementor-element elementor-element-b90a76f e-flex e-con-boxed e-con e-parent\" data-id=\"b90a76f\" data-element_type=\"container\" data-e-type=\"container\">\n\t\t\t\t\t<div class=\"e-con-inner\">\n\t\t\t\t<div class=\"elementor-element elementor-element-284802f8 elementor-widget elementor-widget-template\" data-id=\"284802f8\" data-element_type=\"widget\" data-e-type=\"widget\" data-widget_type=\"template.default\">\n\t\t\t\t<div class=\"elementor-widget-container\">\n\t\t\t\t\t\t\t<div class=\"elementor-template\">\n\t\t\t\t\t<div data-elementor-type=\"container\" data-elementor-id=\"2634\" class=\"elementor elementor-2634 elementor-2632 elementor-2632\" data-elementor-post-type=\"elementor_library\">\n\t\t\t\t<div class=\"elementor-element elementor-element-321707bb e-flex e-con-boxed e-con e-parent\" data-id=\"321707bb\" data-element_type=\"container\" data-e-type=\"container\">\n\t\t\t\t\t<div class=\"e-con-inner\">\n\t\t\t\t<div class=\"elementor-element elementor-element-583132d2 elementor-align-center elementor-widget elementor-widget-button\" data-id=\"583132d2\" data-element_type=\"widget\" data-e-type=\"widget\" data-widget_type=\"button.default\">\n\t\t\t\t<div class=\"elementor-widget-container\">\n\t\t\t\t\t\t\t\t\t<div class=\"elementor-button-wrapper\">\n\t\t\t\t\t<a class=\"elementor-button elementor-button-link elementor-size-sm\" href=\"https:\/\/nancy-tunon.com\/es\/el-profesorado\/\">\n\t\t\t\t\t\t<span class=\"elementor-button-content-wrapper\">\n\t\t\t\t\t\t\t\t\t<span class=\"elementor-button-text\">Volver a profesorado<\/span>\n\t\t\t\t\t<\/span>\n\t\t\t\t\t<\/a>\n\t\t\t\t<\/div>\n\t\t\t\t\t\t\t\t<\/div>\n\t\t\t\t<\/div>\n\t\t\t\t\t<\/div>\n\t\t\t\t<\/div>\n\t\t\t\t<\/div>\n\t\t\t\t<\/div>\n\t\t\t\t\t\t<\/div>\n\t\t\t\t<\/div>\n\t\t\t\t\t<\/div>\n\t\t\t\t<\/div>\n\t\t\t\t<\/div>\n\t\t","protected":false},"excerpt":{"rendered":"<p>Estudi\u00f3 en el Liceo Franc\u00e9s de Barcelona. Cursa talleres de direcci\u00f3n de actores en la Escuela Internacional de Cine y Televisi\u00f3n de San Antonio de los Ba\u00f1os-Cuba- y en otras escuelas de interpretaci\u00f3n. Con 19 a\u00f1os empieza a trabajar como ayudante de realizaci\u00f3n en TV3, Televisi\u00f3 de Catalunya y en 1990 empieza a realizar programas [&hellip;]<\/p>\n","protected":false},"author":3,"featured_media":0,"parent":2094,"menu_order":0,"comment_status":"closed","ping_status":"closed","template":"","meta":{"_acf_changed":false,"inline_featured_image":false,"footnotes":""},"class_list":["post-2864","page","type-page","status-publish","hentry"],"acf":[],"yoast_head":"<!-- This site is optimized with the Yoast SEO plugin v27.5 - https:\/\/yoast.com\/product\/yoast-seo-wordpress\/ -->\n<title>Silvia Quer - Nancy Tu\u00f1\u00f3n<\/title>\n<meta name=\"robots\" content=\"index, follow, max-snippet:-1, max-image-preview:large, max-video-preview:-1\" \/>\n<link rel=\"canonical\" href=\"https:\/\/nancy-tunon.com\/es\/el-profesorado\/silvia-quer\/\" \/>\n<meta property=\"og:locale\" content=\"es_ES\" \/>\n<meta property=\"og:type\" content=\"article\" \/>\n<meta property=\"og:title\" content=\"Silvia Quer - Nancy Tu\u00f1\u00f3n\" \/>\n<meta property=\"og:description\" content=\"Estudi\u00f3 en el Liceo Franc\u00e9s de Barcelona. Cursa talleres de direcci\u00f3n de actores en la Escuela Internacional de Cine y Televisi\u00f3n de San Antonio de los Ba\u00f1os-Cuba- y en otras escuelas de interpretaci\u00f3n. Con 19 a\u00f1os empieza a trabajar como ayudante de realizaci\u00f3n en TV3, Televisi\u00f3 de Catalunya y en 1990 empieza a realizar programas [&hellip;]\" \/>\n<meta property=\"og:url\" content=\"https:\/\/nancy-tunon.com\/es\/el-profesorado\/silvia-quer\/\" \/>\n<meta property=\"og:site_name\" content=\"Nancy Tu\u00f1\u00f3n\" \/>\n<meta property=\"article:publisher\" content=\"https:\/\/www.facebook.com\/nancytunon\" \/>\n<meta property=\"article:modified_time\" content=\"2024-04-22T23:06:08+00:00\" \/>\n<meta property=\"og:image\" content=\"http:\/\/nancy-tunon.com\/wp-content\/uploads\/2024\/04\/SILVIA-QUER.jpg\" \/>\n<meta name=\"twitter:card\" content=\"summary_large_image\" \/>\n<meta name=\"twitter:label1\" content=\"Tiempo de lectura\" \/>\n\t<meta name=\"twitter:data1\" content=\"2 minutos\" \/>\n<script type=\"application\/ld+json\" class=\"yoast-schema-graph\">{\"@context\":\"https:\\\/\\\/schema.org\",\"@graph\":[{\"@type\":\"WebPage\",\"@id\":\"https:\\\/\\\/nancy-tunon.com\\\/es\\\/el-profesorado\\\/silvia-quer\\\/\",\"url\":\"https:\\\/\\\/nancy-tunon.com\\\/es\\\/el-profesorado\\\/silvia-quer\\\/\",\"name\":\"Silvia Quer - Nancy Tu\u00f1\u00f3n\",\"isPartOf\":{\"@id\":\"https:\\\/\\\/nancy-tunon.com\\\/es\\\/#website\"},\"primaryImageOfPage\":{\"@id\":\"https:\\\/\\\/nancy-tunon.com\\\/es\\\/el-profesorado\\\/silvia-quer\\\/#primaryimage\"},\"image\":{\"@id\":\"https:\\\/\\\/nancy-tunon.com\\\/es\\\/el-profesorado\\\/silvia-quer\\\/#primaryimage\"},\"thumbnailUrl\":\"http:\\\/\\\/nancy-tunon.com\\\/wp-content\\\/uploads\\\/2024\\\/04\\\/SILVIA-QUER.jpg\",\"datePublished\":\"2024-04-22T23:05:36+00:00\",\"dateModified\":\"2024-04-22T23:06:08+00:00\",\"breadcrumb\":{\"@id\":\"https:\\\/\\\/nancy-tunon.com\\\/es\\\/el-profesorado\\\/silvia-quer\\\/#breadcrumb\"},\"inLanguage\":\"es\",\"potentialAction\":[{\"@type\":\"ReadAction\",\"target\":[\"https:\\\/\\\/nancy-tunon.com\\\/es\\\/el-profesorado\\\/silvia-quer\\\/\"]}]},{\"@type\":\"ImageObject\",\"inLanguage\":\"es\",\"@id\":\"https:\\\/\\\/nancy-tunon.com\\\/es\\\/el-profesorado\\\/silvia-quer\\\/#primaryimage\",\"url\":\"http:\\\/\\\/nancy-tunon.com\\\/wp-content\\\/uploads\\\/2024\\\/04\\\/SILVIA-QUER.jpg\",\"contentUrl\":\"http:\\\/\\\/nancy-tunon.com\\\/wp-content\\\/uploads\\\/2024\\\/04\\\/SILVIA-QUER.jpg\"},{\"@type\":\"BreadcrumbList\",\"@id\":\"https:\\\/\\\/nancy-tunon.com\\\/es\\\/el-profesorado\\\/silvia-quer\\\/#breadcrumb\",\"itemListElement\":[{\"@type\":\"ListItem\",\"position\":1,\"name\":\"Portada\",\"item\":\"https:\\\/\\\/nancy-tunon.com\\\/es\\\/nancy-tunon-escuela-de-teatro-en-barcelona\\\/\"},{\"@type\":\"ListItem\",\"position\":2,\"name\":\"El profesorado\",\"item\":\"https:\\\/\\\/nancy-tunon.com\\\/es\\\/el-professorat\\\/\"},{\"@type\":\"ListItem\",\"position\":3,\"name\":\"Silvia Quer\"}]},{\"@type\":\"WebSite\",\"@id\":\"https:\\\/\\\/nancy-tunon.com\\\/es\\\/#website\",\"url\":\"https:\\\/\\\/nancy-tunon.com\\\/es\\\/\",\"name\":\"Nancy Tu\u00f1\u00f3n\",\"description\":\"Escuela de actores en Barcelona\",\"publisher\":{\"@id\":\"https:\\\/\\\/nancy-tunon.com\\\/es\\\/#organization\"},\"alternateName\":\"Nancy Tunon\",\"potentialAction\":[{\"@type\":\"SearchAction\",\"target\":{\"@type\":\"EntryPoint\",\"urlTemplate\":\"https:\\\/\\\/nancy-tunon.com\\\/es\\\/?s={search_term_string}\"},\"query-input\":{\"@type\":\"PropertyValueSpecification\",\"valueRequired\":true,\"valueName\":\"search_term_string\"}}],\"inLanguage\":\"es\"},{\"@type\":\"Organization\",\"@id\":\"https:\\\/\\\/nancy-tunon.com\\\/es\\\/#organization\",\"name\":\"Nancy Tu\u00f1\u00f3n\",\"url\":\"https:\\\/\\\/nancy-tunon.com\\\/es\\\/\",\"logo\":{\"@type\":\"ImageObject\",\"inLanguage\":\"es\",\"@id\":\"https:\\\/\\\/nancy-tunon.com\\\/es\\\/#\\\/schema\\\/logo\\\/image\\\/\",\"url\":\"http:\\\/\\\/nancy-tunon.com\\\/wp-content\\\/uploads\\\/2024\\\/01\\\/nancy-t-footer-svg.svg\",\"contentUrl\":\"http:\\\/\\\/nancy-tunon.com\\\/wp-content\\\/uploads\\\/2024\\\/01\\\/nancy-t-footer-svg.svg\",\"width\":906,\"height\":431,\"caption\":\"Nancy Tu\u00f1\u00f3n\"},\"image\":{\"@id\":\"https:\\\/\\\/nancy-tunon.com\\\/es\\\/#\\\/schema\\\/logo\\\/image\\\/\"},\"sameAs\":[\"https:\\\/\\\/www.facebook.com\\\/nancytunon\",\"https:\\\/\\\/www.tiktok.com\\\/@escolanancytunon\"]}]}<\/script>\n<!-- \/ Yoast SEO plugin. -->","yoast_head_json":{"title":"Silvia Quer - Nancy Tu\u00f1\u00f3n","robots":{"index":"index","follow":"follow","max-snippet":"max-snippet:-1","max-image-preview":"max-image-preview:large","max-video-preview":"max-video-preview:-1"},"canonical":"https:\/\/nancy-tunon.com\/es\/el-profesorado\/silvia-quer\/","og_locale":"es_ES","og_type":"article","og_title":"Silvia Quer - Nancy Tu\u00f1\u00f3n","og_description":"Estudi\u00f3 en el Liceo Franc\u00e9s de Barcelona. Cursa talleres de direcci\u00f3n de actores en la Escuela Internacional de Cine y Televisi\u00f3n de San Antonio de los Ba\u00f1os-Cuba- y en otras escuelas de interpretaci\u00f3n. Con 19 a\u00f1os empieza a trabajar como ayudante de realizaci\u00f3n en TV3, Televisi\u00f3 de Catalunya y en 1990 empieza a realizar programas [&hellip;]","og_url":"https:\/\/nancy-tunon.com\/es\/el-profesorado\/silvia-quer\/","og_site_name":"Nancy Tu\u00f1\u00f3n","article_publisher":"https:\/\/www.facebook.com\/nancytunon","article_modified_time":"2024-04-22T23:06:08+00:00","og_image":[{"url":"http:\/\/nancy-tunon.com\/wp-content\/uploads\/2024\/04\/SILVIA-QUER.jpg","type":"","width":"","height":""}],"twitter_card":"summary_large_image","twitter_misc":{"Tiempo de lectura":"2 minutos"},"schema":{"@context":"https:\/\/schema.org","@graph":[{"@type":"WebPage","@id":"https:\/\/nancy-tunon.com\/es\/el-profesorado\/silvia-quer\/","url":"https:\/\/nancy-tunon.com\/es\/el-profesorado\/silvia-quer\/","name":"Silvia Quer - Nancy Tu\u00f1\u00f3n","isPartOf":{"@id":"https:\/\/nancy-tunon.com\/es\/#website"},"primaryImageOfPage":{"@id":"https:\/\/nancy-tunon.com\/es\/el-profesorado\/silvia-quer\/#primaryimage"},"image":{"@id":"https:\/\/nancy-tunon.com\/es\/el-profesorado\/silvia-quer\/#primaryimage"},"thumbnailUrl":"http:\/\/nancy-tunon.com\/wp-content\/uploads\/2024\/04\/SILVIA-QUER.jpg","datePublished":"2024-04-22T23:05:36+00:00","dateModified":"2024-04-22T23:06:08+00:00","breadcrumb":{"@id":"https:\/\/nancy-tunon.com\/es\/el-profesorado\/silvia-quer\/#breadcrumb"},"inLanguage":"es","potentialAction":[{"@type":"ReadAction","target":["https:\/\/nancy-tunon.com\/es\/el-profesorado\/silvia-quer\/"]}]},{"@type":"ImageObject","inLanguage":"es","@id":"https:\/\/nancy-tunon.com\/es\/el-profesorado\/silvia-quer\/#primaryimage","url":"http:\/\/nancy-tunon.com\/wp-content\/uploads\/2024\/04\/SILVIA-QUER.jpg","contentUrl":"http:\/\/nancy-tunon.com\/wp-content\/uploads\/2024\/04\/SILVIA-QUER.jpg"},{"@type":"BreadcrumbList","@id":"https:\/\/nancy-tunon.com\/es\/el-profesorado\/silvia-quer\/#breadcrumb","itemListElement":[{"@type":"ListItem","position":1,"name":"Portada","item":"https:\/\/nancy-tunon.com\/es\/nancy-tunon-escuela-de-teatro-en-barcelona\/"},{"@type":"ListItem","position":2,"name":"El profesorado","item":"https:\/\/nancy-tunon.com\/es\/el-professorat\/"},{"@type":"ListItem","position":3,"name":"Silvia Quer"}]},{"@type":"WebSite","@id":"https:\/\/nancy-tunon.com\/es\/#website","url":"https:\/\/nancy-tunon.com\/es\/","name":"Nancy Tu\u00f1\u00f3n","description":"Escuela de actores en Barcelona","publisher":{"@id":"https:\/\/nancy-tunon.com\/es\/#organization"},"alternateName":"Nancy Tunon","potentialAction":[{"@type":"SearchAction","target":{"@type":"EntryPoint","urlTemplate":"https:\/\/nancy-tunon.com\/es\/?s={search_term_string}"},"query-input":{"@type":"PropertyValueSpecification","valueRequired":true,"valueName":"search_term_string"}}],"inLanguage":"es"},{"@type":"Organization","@id":"https:\/\/nancy-tunon.com\/es\/#organization","name":"Nancy Tu\u00f1\u00f3n","url":"https:\/\/nancy-tunon.com\/es\/","logo":{"@type":"ImageObject","inLanguage":"es","@id":"https:\/\/nancy-tunon.com\/es\/#\/schema\/logo\/image\/","url":"http:\/\/nancy-tunon.com\/wp-content\/uploads\/2024\/01\/nancy-t-footer-svg.svg","contentUrl":"http:\/\/nancy-tunon.com\/wp-content\/uploads\/2024\/01\/nancy-t-footer-svg.svg","width":906,"height":431,"caption":"Nancy Tu\u00f1\u00f3n"},"image":{"@id":"https:\/\/nancy-tunon.com\/es\/#\/schema\/logo\/image\/"},"sameAs":["https:\/\/www.facebook.com\/nancytunon","https:\/\/www.tiktok.com\/@escolanancytunon"]}]}},"_links":{"self":[{"href":"https:\/\/nancy-tunon.com\/es\/wp-json\/wp\/v2\/pages\/2864","targetHints":{"allow":["GET"]}}],"collection":[{"href":"https:\/\/nancy-tunon.com\/es\/wp-json\/wp\/v2\/pages"}],"about":[{"href":"https:\/\/nancy-tunon.com\/es\/wp-json\/wp\/v2\/types\/page"}],"author":[{"embeddable":true,"href":"https:\/\/nancy-tunon.com\/es\/wp-json\/wp\/v2\/users\/3"}],"replies":[{"embeddable":true,"href":"https:\/\/nancy-tunon.com\/es\/wp-json\/wp\/v2\/comments?post=2864"}],"version-history":[{"count":0,"href":"https:\/\/nancy-tunon.com\/es\/wp-json\/wp\/v2\/pages\/2864\/revisions"}],"up":[{"embeddable":true,"href":"https:\/\/nancy-tunon.com\/es\/wp-json\/wp\/v2\/pages\/2094"}],"wp:attachment":[{"href":"https:\/\/nancy-tunon.com\/es\/wp-json\/wp\/v2\/media?parent=2864"}],"curies":[{"name":"wp","href":"https:\/\/api.w.org\/{rel}","templated":true}]}}