{"id":3944,"date":"2025-01-08T12:42:25","date_gmt":"2025-01-08T10:42:25","guid":{"rendered":"http:\/\/nancy-tunon.com\/?post_type=actor&#038;p=3944"},"modified":"2025-01-08T13:51:32","modified_gmt":"2025-01-08T11:51:32","slug":"payu-alpe","status":"publish","type":"actor","link":"https:\/\/nancy-tunon.com\/es\/actor\/payu-alpe\/","title":{"rendered":"Pay\u00fa Alpe"},"content":{"rendered":"<h3>Formaci\u00f3n<\/h3>\n<ul>\n<li>Nancy Tu\u00f1on, formaci\u00f3n del actor professional <strong><em>(2021-2024).<\/em><\/strong><\/li>\n<li>Curso de doblaje \u201cSala Pepe Mediavilla\u201d <strong><em>(2021).<\/em><\/strong><\/li>\n<li>Canto particular en \u201cAlberdi Studio\u201d <strong><em>(2019 \u2013 Actualidad).<\/em><\/strong><\/li>\n<li>ESART, Grado universitario de Teatro musical <strong><em>(2019-2020).<\/em><\/strong><\/li>\n<li>Escuela \u201cE\u00f2lia\u201d; coaching actoral en interpretaci\u00f3n. Ferran Medico <strong><em>(2017).<\/em><\/strong><\/li>\n<li>Bachillerato de artes esc\u00e9nicas en \u201cGran\u00e9s Bachillerato\u201d <strong><em>(2015-2017).<\/em><\/strong><\/li>\n<li>Escuela de danza \u00abLina Corredor\u00bb; danza contempor\u00e1nea <strong><em>(2014-2017).<\/em><\/strong><\/li>\n<li>Escuela de teatro \u00abFoment Hortenc\u201d <strong><em>(2006-2017).<\/em><\/strong><\/li>\n<li>Escuela de m\u00fasica \u201cSant Gregori\u201d; canto particular, coral y flauta travesera <strong><em>(2006-2013).<\/em><\/strong><\/li>\n<li>Escuela de m\u00fasica \u00abPausa\u00bb; flauta travesera, canto coral y canto particular <strong><em>(2002-2006) (2013-2016).<\/em><\/strong><\/li>\n<\/ul>\n<h3>Teatro<\/h3>\n<p>TEXTO<br \/>\n&#8211; \u201cL\u2019Alcalde\u201d, microteatro de Albert Casas <strong><em>(2023).<\/em><\/strong><br \/>\n&#8211; \u201cSue\u00f1o de una noche de verano\u201d de William Shakespeare con <em>E\u00f2lia<\/em> <strong><em>(2017).<\/em><\/strong><br \/>\n&#8211;\u00a0 \u201cLa casa de Bernarda Alba\u201d de Federico Garc\u00eda Lorca. Compa\u00f1\u00eda <em>La Coquera<\/em>. Personaje de Martirio <strong><em>(2015-2017).<\/em><\/strong><br \/>\nMUSICAL<br \/>\n&#8211; \u201cUn viatge per Broadway\u201d, concierto de musicales en el teatro <em>Foment Hortenc<\/em> <strong><em>(2019).<\/em><\/strong><br \/>\n&#8211; \u201cTom\u00e0quet\u201d espect\u00e1culo c\u00f3mico-musical en el <em>Foment Hortenc<\/em>. Personaje principal <strong><em>(2018).<\/em><\/strong><br \/>\n&#8211; \u201cEl llibre de la Selva\u201d con la compa\u00f1\u00eda <em>Magatzem D\u2019ars<\/em> en el <em>Teatre Gaud\u00ed<\/em> de Barcelona. Personaje de Kaa<em> <strong>(2018).<\/strong><\/em><br \/>\n&#8211; \u201cWest Side story\u201d con <em>E\u00f2lia<\/em>. Personaje principal <strong><em>(2017).<\/em><\/strong><br \/>\n&#8211; \u201cGrease\u201d con <em>E\u00f2lia<\/em>. Personaje principal <strong><em>(2016).<\/em><\/strong><\/p>\n<h3>Cine<\/h3>\n<p>&#8211; \u201cTe lo dije\u201d, cortometraje TFG de <em>Tecnocampus<\/em>. Personaje principal <strong><em>(2023).<\/em><\/strong><br \/>\n&#8211; \u201c1r movimiento\u201d, cortometraje de m\u00e1ster internacional <em>ESCAC<\/em>. Personaje principal <strong><em>(2022).<\/em><\/strong><br \/>\n&#8211; \u201cEstrella Fugaz\u201d, cortometraje de <em>Catalonia Film School<\/em>. Personaje principal <strong><em>(2022).<\/em><\/strong><br \/>\n&#8211; \u201cIncompatible\u201d, cortometraje de final de m\u00e1ster de <em>ESCAC<\/em>. Personaje Laura <strong><em>(2022).<\/em><\/strong><br \/>\n&#8211; \u201cSin elecci\u00f3n\u201d, cortometraje del grado audiovisual del <em>Instituto Sant Ignasi<\/em>. Personaje Clara <strong><em>(2022).<\/em><\/strong><br \/>\n&#8211; \u201cJolly Omen\u201d, cortometraje de <em>WormHole<\/em>. Personaje principal <strong><em>(2021).<\/em><\/strong><br \/>\n&#8211; \u201cRodeo\u201d, cortometraje de <em>IES Santa Eulalia <strong>(2018).<\/strong><\/em><\/p>\n<h3>Televisi\u00f3n<\/h3>\n<p>&#8211; \u201cThe Night Manager\u201d de Amazon Prime V\u00eddeo. Golden Woman <strong><em>(2024).<\/em><\/strong><br \/>\n&#8211; \u201cLa Puntual\u201d de <em>Tv3<\/em> <strong><em>(2023).<\/em><\/strong><br \/>\n&#8211; \u201cCom si f\u00f3s ahir\u201d de <em>Tv3<\/em> <strong><em>(2018).<\/em><\/strong><br \/>\n&#8211; \u201cEncantats\u201d de <em>8tv<\/em>. Con la colaboraci\u00f3n de Manu Guix. Personaje principal <strong><em>(2015).<\/em><\/strong><br \/>\n&#8211; \u201cPolseres Vermelles\u201d de Albert Espinosa en <em>Tv3<\/em> <strong><em>(2013).<\/em><\/strong><\/p>\n<h3>Habilidades<\/h3>\n<p>&#8211; Doblaje<br \/>\n&#8211; Canto.<br \/>\n&#8211; Yoga.<br \/>\n&#8211; Flauta Travesera.<br \/>\n&#8211; Guitarra (nivel b\u00e1sico).<br \/>\n&#8211; Equitaci\u00f3n (nivel b\u00e1sico).<\/p>\n<h3>Idiomas<\/h3>\n<p>&#8211; <u>Catal\u00e1n:<\/u> lengua materna.<br \/>\n&#8211; <u>Espa\u00f1ol<\/u>: lengua paterna.<br \/>\n&#8211; <u>Ingl\u00e9s<\/u>: \u201cfirst Certificate\u201d con nivel advanced.<\/p>\n","protected":false},"excerpt":{"rendered":"<p>Formaci\u00f3n Nancy Tu\u00f1on, formaci\u00f3n del actor professional (2021-2024). Curso de doblaje \u201cSala Pepe Mediavilla\u201d (2021). Canto particular en \u201cAlberdi Studio\u201d (2019 \u2013 Actualidad). ESART, Grado universitario de Teatro musical (2019-2020). Escuela \u201cE\u00f2lia\u201d; coaching actoral en interpretaci\u00f3n. Ferran Medico (2017). Bachillerato de artes esc\u00e9nicas en \u201cGran\u00e9s Bachillerato\u201d (2015-2017). Escuela de danza \u00abLina Corredor\u00bb; danza contempor\u00e1nea (2014-2017). [&hellip;]<\/p>\n","protected":false},"author":3,"featured_media":3929,"template":"","meta":{"_acf_changed":false,"inline_featured_image":false},"genero":[40,41],"class_list":["post-3944","actor","type-actor","status-publish","has-post-thumbnail","hentry","edad-y-genero-mujer","edad-de-20-a-25-es","edad-de-25-a-35-es"],"acf":[],"yoast_head":"<!-- This site is optimized with the Yoast SEO plugin v27.5 - https:\/\/yoast.com\/product\/yoast-seo-wordpress\/ -->\n<title>Pay\u00fa Alpe - Nancy Tu\u00f1\u00f3n<\/title>\n<meta name=\"robots\" content=\"index, follow, max-snippet:-1, max-image-preview:large, max-video-preview:-1\" \/>\n<link rel=\"canonical\" href=\"https:\/\/nancy-tunon.com\/es\/actor\/payu-alpe\/\" \/>\n<meta property=\"og:locale\" content=\"es_ES\" \/>\n<meta property=\"og:type\" content=\"article\" \/>\n<meta property=\"og:title\" content=\"Pay\u00fa Alpe - Nancy Tu\u00f1\u00f3n\" \/>\n<meta property=\"og:description\" content=\"Formaci\u00f3n Nancy Tu\u00f1on, formaci\u00f3n del actor professional (2021-2024). Curso de doblaje \u201cSala Pepe Mediavilla\u201d (2021). Canto particular en \u201cAlberdi Studio\u201d (2019 \u2013 Actualidad). ESART, Grado universitario de Teatro musical (2019-2020). Escuela \u201cE\u00f2lia\u201d; coaching actoral en interpretaci\u00f3n. Ferran Medico (2017). Bachillerato de artes esc\u00e9nicas en \u201cGran\u00e9s Bachillerato\u201d (2015-2017). Escuela de danza \u00abLina Corredor\u00bb; danza contempor\u00e1nea (2014-2017). [&hellip;]\" \/>\n<meta property=\"og:url\" content=\"https:\/\/nancy-tunon.com\/es\/actor\/payu-alpe\/\" \/>\n<meta property=\"og:site_name\" content=\"Nancy Tu\u00f1\u00f3n\" \/>\n<meta property=\"article:publisher\" content=\"https:\/\/www.facebook.com\/nancytunon\" \/>\n<meta property=\"article:modified_time\" content=\"2025-01-08T11:51:32+00:00\" \/>\n<meta property=\"og:image\" content=\"https:\/\/nancy-tunon.com\/wp-content\/uploads\/2025\/01\/PAYU-PEQUENAS-001.jpg\" \/>\n\t<meta property=\"og:image:width\" content=\"1429\" \/>\n\t<meta property=\"og:image:height\" content=\"2000\" \/>\n\t<meta property=\"og:image:type\" content=\"image\/jpeg\" \/>\n<meta name=\"twitter:card\" content=\"summary_large_image\" \/>\n<meta name=\"twitter:label1\" content=\"Tiempo de lectura\" \/>\n\t<meta name=\"twitter:data1\" content=\"2 minutos\" \/>\n<script type=\"application\/ld+json\" class=\"yoast-schema-graph\">{\"@context\":\"https:\\\/\\\/schema.org\",\"@graph\":[{\"@type\":\"WebPage\",\"@id\":\"https:\\\/\\\/nancy-tunon.com\\\/es\\\/actor\\\/payu-alpe\\\/\",\"url\":\"https:\\\/\\\/nancy-tunon.com\\\/es\\\/actor\\\/payu-alpe\\\/\",\"name\":\"Pay\u00fa Alpe - Nancy Tu\u00f1\u00f3n\",\"isPartOf\":{\"@id\":\"https:\\\/\\\/nancy-tunon.com\\\/es\\\/#website\"},\"primaryImageOfPage\":{\"@id\":\"https:\\\/\\\/nancy-tunon.com\\\/es\\\/actor\\\/payu-alpe\\\/#primaryimage\"},\"image\":{\"@id\":\"https:\\\/\\\/nancy-tunon.com\\\/es\\\/actor\\\/payu-alpe\\\/#primaryimage\"},\"thumbnailUrl\":\"https:\\\/\\\/nancy-tunon.com\\\/wp-content\\\/uploads\\\/2025\\\/01\\\/PAYU-PEQUENAS-001.jpg\",\"datePublished\":\"2025-01-08T10:42:25+00:00\",\"dateModified\":\"2025-01-08T11:51:32+00:00\",\"breadcrumb\":{\"@id\":\"https:\\\/\\\/nancy-tunon.com\\\/es\\\/actor\\\/payu-alpe\\\/#breadcrumb\"},\"inLanguage\":\"es\",\"potentialAction\":[{\"@type\":\"ReadAction\",\"target\":[\"https:\\\/\\\/nancy-tunon.com\\\/es\\\/actor\\\/payu-alpe\\\/\"]}]},{\"@type\":\"ImageObject\",\"inLanguage\":\"es\",\"@id\":\"https:\\\/\\\/nancy-tunon.com\\\/es\\\/actor\\\/payu-alpe\\\/#primaryimage\",\"url\":\"https:\\\/\\\/nancy-tunon.com\\\/wp-content\\\/uploads\\\/2025\\\/01\\\/PAYU-PEQUENAS-001.jpg\",\"contentUrl\":\"https:\\\/\\\/nancy-tunon.com\\\/wp-content\\\/uploads\\\/2025\\\/01\\\/PAYU-PEQUENAS-001.jpg\",\"width\":1429,\"height\":2000},{\"@type\":\"BreadcrumbList\",\"@id\":\"https:\\\/\\\/nancy-tunon.com\\\/es\\\/actor\\\/payu-alpe\\\/#breadcrumb\",\"itemListElement\":[{\"@type\":\"ListItem\",\"position\":1,\"name\":\"Portada\",\"item\":\"https:\\\/\\\/nancy-tunon.com\\\/es\\\/nancy-tunon-escuela-de-teatro-en-barcelona\\\/\"},{\"@type\":\"ListItem\",\"position\":2,\"name\":\"Pay\u00fa Alpe\"}]},{\"@type\":\"WebSite\",\"@id\":\"https:\\\/\\\/nancy-tunon.com\\\/es\\\/#website\",\"url\":\"https:\\\/\\\/nancy-tunon.com\\\/es\\\/\",\"name\":\"Nancy Tu\u00f1\u00f3n\",\"description\":\"Escuela de actores en Barcelona\",\"publisher\":{\"@id\":\"https:\\\/\\\/nancy-tunon.com\\\/es\\\/#organization\"},\"alternateName\":\"Nancy Tunon\",\"potentialAction\":[{\"@type\":\"SearchAction\",\"target\":{\"@type\":\"EntryPoint\",\"urlTemplate\":\"https:\\\/\\\/nancy-tunon.com\\\/es\\\/?s={search_term_string}\"},\"query-input\":{\"@type\":\"PropertyValueSpecification\",\"valueRequired\":true,\"valueName\":\"search_term_string\"}}],\"inLanguage\":\"es\"},{\"@type\":\"Organization\",\"@id\":\"https:\\\/\\\/nancy-tunon.com\\\/es\\\/#organization\",\"name\":\"Nancy Tu\u00f1\u00f3n\",\"url\":\"https:\\\/\\\/nancy-tunon.com\\\/es\\\/\",\"logo\":{\"@type\":\"ImageObject\",\"inLanguage\":\"es\",\"@id\":\"https:\\\/\\\/nancy-tunon.com\\\/es\\\/#\\\/schema\\\/logo\\\/image\\\/\",\"url\":\"http:\\\/\\\/nancy-tunon.com\\\/wp-content\\\/uploads\\\/2024\\\/01\\\/nancy-t-footer-svg.svg\",\"contentUrl\":\"http:\\\/\\\/nancy-tunon.com\\\/wp-content\\\/uploads\\\/2024\\\/01\\\/nancy-t-footer-svg.svg\",\"width\":906,\"height\":431,\"caption\":\"Nancy Tu\u00f1\u00f3n\"},\"image\":{\"@id\":\"https:\\\/\\\/nancy-tunon.com\\\/es\\\/#\\\/schema\\\/logo\\\/image\\\/\"},\"sameAs\":[\"https:\\\/\\\/www.facebook.com\\\/nancytunon\",\"https:\\\/\\\/www.tiktok.com\\\/@escolanancytunon\"]}]}<\/script>\n<!-- \/ Yoast SEO plugin. -->","yoast_head_json":{"title":"Pay\u00fa Alpe - Nancy Tu\u00f1\u00f3n","robots":{"index":"index","follow":"follow","max-snippet":"max-snippet:-1","max-image-preview":"max-image-preview:large","max-video-preview":"max-video-preview:-1"},"canonical":"https:\/\/nancy-tunon.com\/es\/actor\/payu-alpe\/","og_locale":"es_ES","og_type":"article","og_title":"Pay\u00fa Alpe - Nancy Tu\u00f1\u00f3n","og_description":"Formaci\u00f3n Nancy Tu\u00f1on, formaci\u00f3n del actor professional (2021-2024). Curso de doblaje \u201cSala Pepe Mediavilla\u201d (2021). Canto particular en \u201cAlberdi Studio\u201d (2019 \u2013 Actualidad). ESART, Grado universitario de Teatro musical (2019-2020). Escuela \u201cE\u00f2lia\u201d; coaching actoral en interpretaci\u00f3n. Ferran Medico (2017). Bachillerato de artes esc\u00e9nicas en \u201cGran\u00e9s Bachillerato\u201d (2015-2017). Escuela de danza \u00abLina Corredor\u00bb; danza contempor\u00e1nea (2014-2017). [&hellip;]","og_url":"https:\/\/nancy-tunon.com\/es\/actor\/payu-alpe\/","og_site_name":"Nancy Tu\u00f1\u00f3n","article_publisher":"https:\/\/www.facebook.com\/nancytunon","article_modified_time":"2025-01-08T11:51:32+00:00","og_image":[{"width":1429,"height":2000,"url":"https:\/\/nancy-tunon.com\/wp-content\/uploads\/2025\/01\/PAYU-PEQUENAS-001.jpg","type":"image\/jpeg"}],"twitter_card":"summary_large_image","twitter_misc":{"Tiempo de lectura":"2 minutos"},"schema":{"@context":"https:\/\/schema.org","@graph":[{"@type":"WebPage","@id":"https:\/\/nancy-tunon.com\/es\/actor\/payu-alpe\/","url":"https:\/\/nancy-tunon.com\/es\/actor\/payu-alpe\/","name":"Pay\u00fa Alpe - Nancy Tu\u00f1\u00f3n","isPartOf":{"@id":"https:\/\/nancy-tunon.com\/es\/#website"},"primaryImageOfPage":{"@id":"https:\/\/nancy-tunon.com\/es\/actor\/payu-alpe\/#primaryimage"},"image":{"@id":"https:\/\/nancy-tunon.com\/es\/actor\/payu-alpe\/#primaryimage"},"thumbnailUrl":"https:\/\/nancy-tunon.com\/wp-content\/uploads\/2025\/01\/PAYU-PEQUENAS-001.jpg","datePublished":"2025-01-08T10:42:25+00:00","dateModified":"2025-01-08T11:51:32+00:00","breadcrumb":{"@id":"https:\/\/nancy-tunon.com\/es\/actor\/payu-alpe\/#breadcrumb"},"inLanguage":"es","potentialAction":[{"@type":"ReadAction","target":["https:\/\/nancy-tunon.com\/es\/actor\/payu-alpe\/"]}]},{"@type":"ImageObject","inLanguage":"es","@id":"https:\/\/nancy-tunon.com\/es\/actor\/payu-alpe\/#primaryimage","url":"https:\/\/nancy-tunon.com\/wp-content\/uploads\/2025\/01\/PAYU-PEQUENAS-001.jpg","contentUrl":"https:\/\/nancy-tunon.com\/wp-content\/uploads\/2025\/01\/PAYU-PEQUENAS-001.jpg","width":1429,"height":2000},{"@type":"BreadcrumbList","@id":"https:\/\/nancy-tunon.com\/es\/actor\/payu-alpe\/#breadcrumb","itemListElement":[{"@type":"ListItem","position":1,"name":"Portada","item":"https:\/\/nancy-tunon.com\/es\/nancy-tunon-escuela-de-teatro-en-barcelona\/"},{"@type":"ListItem","position":2,"name":"Pay\u00fa Alpe"}]},{"@type":"WebSite","@id":"https:\/\/nancy-tunon.com\/es\/#website","url":"https:\/\/nancy-tunon.com\/es\/","name":"Nancy Tu\u00f1\u00f3n","description":"Escuela de actores en Barcelona","publisher":{"@id":"https:\/\/nancy-tunon.com\/es\/#organization"},"alternateName":"Nancy Tunon","potentialAction":[{"@type":"SearchAction","target":{"@type":"EntryPoint","urlTemplate":"https:\/\/nancy-tunon.com\/es\/?s={search_term_string}"},"query-input":{"@type":"PropertyValueSpecification","valueRequired":true,"valueName":"search_term_string"}}],"inLanguage":"es"},{"@type":"Organization","@id":"https:\/\/nancy-tunon.com\/es\/#organization","name":"Nancy Tu\u00f1\u00f3n","url":"https:\/\/nancy-tunon.com\/es\/","logo":{"@type":"ImageObject","inLanguage":"es","@id":"https:\/\/nancy-tunon.com\/es\/#\/schema\/logo\/image\/","url":"http:\/\/nancy-tunon.com\/wp-content\/uploads\/2024\/01\/nancy-t-footer-svg.svg","contentUrl":"http:\/\/nancy-tunon.com\/wp-content\/uploads\/2024\/01\/nancy-t-footer-svg.svg","width":906,"height":431,"caption":"Nancy Tu\u00f1\u00f3n"},"image":{"@id":"https:\/\/nancy-tunon.com\/es\/#\/schema\/logo\/image\/"},"sameAs":["https:\/\/www.facebook.com\/nancytunon","https:\/\/www.tiktok.com\/@escolanancytunon"]}]}},"_links":{"self":[{"href":"https:\/\/nancy-tunon.com\/es\/wp-json\/wp\/v2\/actor\/3944","targetHints":{"allow":["GET"]}}],"collection":[{"href":"https:\/\/nancy-tunon.com\/es\/wp-json\/wp\/v2\/actor"}],"about":[{"href":"https:\/\/nancy-tunon.com\/es\/wp-json\/wp\/v2\/types\/actor"}],"author":[{"embeddable":true,"href":"https:\/\/nancy-tunon.com\/es\/wp-json\/wp\/v2\/users\/3"}],"wp:featuredmedia":[{"embeddable":true,"href":"https:\/\/nancy-tunon.com\/es\/wp-json\/wp\/v2\/media\/3929"}],"wp:attachment":[{"href":"https:\/\/nancy-tunon.com\/es\/wp-json\/wp\/v2\/media?parent=3944"}],"wp:term":[{"taxonomy":"edad-y-genero","embeddable":true,"href":"https:\/\/nancy-tunon.com\/es\/wp-json\/wp\/v2\/genero?post=3944"},{"taxonomy":"edad","embeddable":true,"href":"https:\/\/nancy-tunon.com\/es\/wp-json\/wp\/v2\/genero?post=3944"}],"curies":[{"name":"wp","href":"https:\/\/api.w.org\/{rel}","templated":true}]}}