{"id":3759,"date":"2024-11-22T14:07:02","date_gmt":"2024-11-22T12:07:02","guid":{"rendered":"http:\/\/nancy-tunon.com\/?post_type=actor&#038;p=3759"},"modified":"2024-11-22T14:15:38","modified_gmt":"2024-11-22T12:15:38","slug":"anna-puigdueta","status":"publish","type":"actor","link":"https:\/\/nancy-tunon.com\/es\/actor\/anna-puigdueta\/","title":{"rendered":"Anna Puigdueta"},"content":{"rendered":"<h3>Formaci\u00f3n<\/h3>\n<p>2012-2018 Formaci\u00f3n de arte dram\u00e1tico en \u201cEl Planter &#8211; E\u00f2lia\u201d.<br \/>\n2018 Graduada en bachillerato esc\u00e9nico en Celest\u00ed Bellera.<br \/>\n2021 Graduada en \u201cEl actor en frente de la c\u00e1mara\u201d en E\u00f2lia.<br \/>\n2021-2024 Graduada en la \u201cFormaci\u00f3n del actor\u201d en Nancy Tu\u00f1\u00f3n.<\/p>\n<h3>Teatro<\/h3>\n<p>2024 \u201cLa Casa de Bernarda Alba\u201d &#8211; Albert Pueyo &#8211; Sala Ars Teatre BCN.<br \/>\n2024 \u201cUn Cor\u201d &#8211; Sala Versus Gl\u00f2ries &#8211; Pepa Fluvi\u00e0 &#8211; Obra de final de formaci\u00f3n. 2018 \u201cFollar en tiempos de guerra\u201d &#8211; Teatro E\u00f2lia &#8211; David Teixidor &#8211; Obra de creaci\u00f3n propia como proyecto de final de formaci\u00f3n.<br \/>\n2018 \u201cEn Blanc\u201d &#8211; Teatre Lliure de Granollers &#8211; Marta Ot\u00edn &#8211; Obra de creaci\u00f3n propia. 2017 \u201cExili\u201d &#8211; Teatre Auditori de Granollers &#8211; Marta Ot\u00edn &#8211; Colaboraci\u00f3n con la acogida de refugiados de Siria.<br \/>\n2016 Obra de final de formaci\u00f3n &#8211; Teatro Vict\u00f2ria &#8211; E\u00f2lia. 2015 Obra de final de formaci\u00f3n &#8211; Teatro Poliorama &#8211; E\u00f2lia.<\/p>\n<h3>Cine<\/h3>\n<p>2024 Pel\u00edcula \u201cViaje de fin de curso\u201d &#8211; Paco Caballero<br \/>\n2021 Corto \u201cEl Regressiu\u201d &#8211; Xavier Adan<\/p>\n<h3>Televisi\u00f3n<\/h3>\n<p>2024 Spot \u201cKH-7\u201d &#8211; Glassy Films &#8211; Jordi Capdevila<br \/>\n2022 Serie \u201cHotel Bcn\u201d &#8211; Dreamtool Entertainment &#8211; 2DF &#8211; Christian Theede<br \/>\n2022 Programa de televisi\u00f3n \u201cEl llop\u201d TV3 &#8211; \u00c0ngel Ll\u00e0cer<br \/>\n2017 Spot para redes sociales \u201cChupa-Chups\u201d<br \/>\n2015 Cortos divulgativos \u201cEditorial Teide\u201d<br \/>\n2011 Spot para TV \u201cMagia Borr\u00e1s\u201d<\/p>\n<h3>Habilidades<\/h3>\n<p>Alto nivel de esqu\u00ed.<br \/>\nNivel medio de baile (hip-hop, jazz, contempor\u00e1neo).<br \/>\nNivel bajo de escalada.<br \/>\nLicencia de conducci\u00f3n de ciclomotor y coche.<\/p>\n<h3>Idiomas<\/h3>\n<p>Catal\u00e1n<br \/>\nCastellano<br \/>\nIngl\u00e9s (Nivel Alto)<\/p>\n","protected":false},"excerpt":{"rendered":"<p>Formaci\u00f3n 2012-2018 Formaci\u00f3n de arte dram\u00e1tico en \u201cEl Planter &#8211; E\u00f2lia\u201d. 2018 Graduada en bachillerato esc\u00e9nico en Celest\u00ed Bellera. 2021 Graduada en \u201cEl actor en frente de la c\u00e1mara\u201d en E\u00f2lia. 2021-2024 Graduada en la \u201cFormaci\u00f3n del actor\u201d en Nancy Tu\u00f1\u00f3n. Teatro 2024 \u201cLa Casa de Bernarda Alba\u201d &#8211; Albert Pueyo &#8211; Sala Ars Teatre [&hellip;]<\/p>\n","protected":false},"author":3,"featured_media":3756,"template":"","meta":{"_acf_changed":false,"inline_featured_image":false},"genero":[40],"class_list":["post-3759","actor","type-actor","status-publish","has-post-thumbnail","hentry","edad-y-genero-mujer","edad-de-20-a-25-es"],"acf":[],"yoast_head":"<!-- This site is optimized with the Yoast SEO plugin v27.5 - https:\/\/yoast.com\/product\/yoast-seo-wordpress\/ -->\n<title>Anna Puigdueta - Nancy Tu\u00f1\u00f3n<\/title>\n<meta name=\"robots\" content=\"index, follow, max-snippet:-1, max-image-preview:large, max-video-preview:-1\" \/>\n<link rel=\"canonical\" href=\"https:\/\/nancy-tunon.com\/es\/actor\/anna-puigdueta\/\" \/>\n<meta property=\"og:locale\" content=\"es_ES\" \/>\n<meta property=\"og:type\" content=\"article\" \/>\n<meta property=\"og:title\" content=\"Anna Puigdueta - Nancy Tu\u00f1\u00f3n\" \/>\n<meta property=\"og:description\" content=\"Formaci\u00f3n 2012-2018 Formaci\u00f3n de arte dram\u00e1tico en \u201cEl Planter &#8211; E\u00f2lia\u201d. 2018 Graduada en bachillerato esc\u00e9nico en Celest\u00ed Bellera. 2021 Graduada en \u201cEl actor en frente de la c\u00e1mara\u201d en E\u00f2lia. 2021-2024 Graduada en la \u201cFormaci\u00f3n del actor\u201d en Nancy Tu\u00f1\u00f3n. Teatro 2024 \u201cLa Casa de Bernarda Alba\u201d &#8211; Albert Pueyo &#8211; Sala Ars Teatre [&hellip;]\" \/>\n<meta property=\"og:url\" content=\"https:\/\/nancy-tunon.com\/es\/actor\/anna-puigdueta\/\" \/>\n<meta property=\"og:site_name\" content=\"Nancy Tu\u00f1\u00f3n\" \/>\n<meta property=\"article:publisher\" content=\"https:\/\/www.facebook.com\/nancytunon\" \/>\n<meta property=\"article:modified_time\" content=\"2024-11-22T12:15:38+00:00\" \/>\n<meta property=\"og:image\" content=\"https:\/\/nancy-tunon.com\/wp-content\/uploads\/2024\/11\/ANNA9-scaled.jpg\" \/>\n\t<meta property=\"og:image:width\" content=\"1707\" \/>\n\t<meta property=\"og:image:height\" content=\"2560\" \/>\n\t<meta property=\"og:image:type\" content=\"image\/jpeg\" \/>\n<meta name=\"twitter:card\" content=\"summary_large_image\" \/>\n<meta name=\"twitter:label1\" content=\"Tiempo de lectura\" \/>\n\t<meta name=\"twitter:data1\" content=\"2 minutos\" \/>\n<script type=\"application\/ld+json\" class=\"yoast-schema-graph\">{\"@context\":\"https:\\\/\\\/schema.org\",\"@graph\":[{\"@type\":\"WebPage\",\"@id\":\"https:\\\/\\\/nancy-tunon.com\\\/es\\\/actor\\\/anna-puigdueta\\\/\",\"url\":\"https:\\\/\\\/nancy-tunon.com\\\/es\\\/actor\\\/anna-puigdueta\\\/\",\"name\":\"Anna Puigdueta - Nancy Tu\u00f1\u00f3n\",\"isPartOf\":{\"@id\":\"https:\\\/\\\/nancy-tunon.com\\\/es\\\/#website\"},\"primaryImageOfPage\":{\"@id\":\"https:\\\/\\\/nancy-tunon.com\\\/es\\\/actor\\\/anna-puigdueta\\\/#primaryimage\"},\"image\":{\"@id\":\"https:\\\/\\\/nancy-tunon.com\\\/es\\\/actor\\\/anna-puigdueta\\\/#primaryimage\"},\"thumbnailUrl\":\"https:\\\/\\\/nancy-tunon.com\\\/wp-content\\\/uploads\\\/2024\\\/11\\\/ANNA9-scaled.jpg\",\"datePublished\":\"2024-11-22T12:07:02+00:00\",\"dateModified\":\"2024-11-22T12:15:38+00:00\",\"breadcrumb\":{\"@id\":\"https:\\\/\\\/nancy-tunon.com\\\/es\\\/actor\\\/anna-puigdueta\\\/#breadcrumb\"},\"inLanguage\":\"es\",\"potentialAction\":[{\"@type\":\"ReadAction\",\"target\":[\"https:\\\/\\\/nancy-tunon.com\\\/es\\\/actor\\\/anna-puigdueta\\\/\"]}]},{\"@type\":\"ImageObject\",\"inLanguage\":\"es\",\"@id\":\"https:\\\/\\\/nancy-tunon.com\\\/es\\\/actor\\\/anna-puigdueta\\\/#primaryimage\",\"url\":\"https:\\\/\\\/nancy-tunon.com\\\/wp-content\\\/uploads\\\/2024\\\/11\\\/ANNA9-scaled.jpg\",\"contentUrl\":\"https:\\\/\\\/nancy-tunon.com\\\/wp-content\\\/uploads\\\/2024\\\/11\\\/ANNA9-scaled.jpg\",\"width\":1707,\"height\":2560},{\"@type\":\"BreadcrumbList\",\"@id\":\"https:\\\/\\\/nancy-tunon.com\\\/es\\\/actor\\\/anna-puigdueta\\\/#breadcrumb\",\"itemListElement\":[{\"@type\":\"ListItem\",\"position\":1,\"name\":\"Portada\",\"item\":\"https:\\\/\\\/nancy-tunon.com\\\/es\\\/nancy-tunon-escuela-de-teatro-en-barcelona\\\/\"},{\"@type\":\"ListItem\",\"position\":2,\"name\":\"Anna Puigdueta\"}]},{\"@type\":\"WebSite\",\"@id\":\"https:\\\/\\\/nancy-tunon.com\\\/es\\\/#website\",\"url\":\"https:\\\/\\\/nancy-tunon.com\\\/es\\\/\",\"name\":\"Nancy Tu\u00f1\u00f3n\",\"description\":\"Escuela de actores en Barcelona\",\"publisher\":{\"@id\":\"https:\\\/\\\/nancy-tunon.com\\\/es\\\/#organization\"},\"alternateName\":\"Nancy Tunon\",\"potentialAction\":[{\"@type\":\"SearchAction\",\"target\":{\"@type\":\"EntryPoint\",\"urlTemplate\":\"https:\\\/\\\/nancy-tunon.com\\\/es\\\/?s={search_term_string}\"},\"query-input\":{\"@type\":\"PropertyValueSpecification\",\"valueRequired\":true,\"valueName\":\"search_term_string\"}}],\"inLanguage\":\"es\"},{\"@type\":\"Organization\",\"@id\":\"https:\\\/\\\/nancy-tunon.com\\\/es\\\/#organization\",\"name\":\"Nancy Tu\u00f1\u00f3n\",\"url\":\"https:\\\/\\\/nancy-tunon.com\\\/es\\\/\",\"logo\":{\"@type\":\"ImageObject\",\"inLanguage\":\"es\",\"@id\":\"https:\\\/\\\/nancy-tunon.com\\\/es\\\/#\\\/schema\\\/logo\\\/image\\\/\",\"url\":\"http:\\\/\\\/nancy-tunon.com\\\/wp-content\\\/uploads\\\/2024\\\/01\\\/nancy-t-footer-svg.svg\",\"contentUrl\":\"http:\\\/\\\/nancy-tunon.com\\\/wp-content\\\/uploads\\\/2024\\\/01\\\/nancy-t-footer-svg.svg\",\"width\":906,\"height\":431,\"caption\":\"Nancy Tu\u00f1\u00f3n\"},\"image\":{\"@id\":\"https:\\\/\\\/nancy-tunon.com\\\/es\\\/#\\\/schema\\\/logo\\\/image\\\/\"},\"sameAs\":[\"https:\\\/\\\/www.facebook.com\\\/nancytunon\",\"https:\\\/\\\/www.tiktok.com\\\/@escolanancytunon\"]}]}<\/script>\n<!-- \/ Yoast SEO plugin. -->","yoast_head_json":{"title":"Anna Puigdueta - Nancy Tu\u00f1\u00f3n","robots":{"index":"index","follow":"follow","max-snippet":"max-snippet:-1","max-image-preview":"max-image-preview:large","max-video-preview":"max-video-preview:-1"},"canonical":"https:\/\/nancy-tunon.com\/es\/actor\/anna-puigdueta\/","og_locale":"es_ES","og_type":"article","og_title":"Anna Puigdueta - Nancy Tu\u00f1\u00f3n","og_description":"Formaci\u00f3n 2012-2018 Formaci\u00f3n de arte dram\u00e1tico en \u201cEl Planter &#8211; E\u00f2lia\u201d. 2018 Graduada en bachillerato esc\u00e9nico en Celest\u00ed Bellera. 2021 Graduada en \u201cEl actor en frente de la c\u00e1mara\u201d en E\u00f2lia. 2021-2024 Graduada en la \u201cFormaci\u00f3n del actor\u201d en Nancy Tu\u00f1\u00f3n. Teatro 2024 \u201cLa Casa de Bernarda Alba\u201d &#8211; Albert Pueyo &#8211; Sala Ars Teatre [&hellip;]","og_url":"https:\/\/nancy-tunon.com\/es\/actor\/anna-puigdueta\/","og_site_name":"Nancy Tu\u00f1\u00f3n","article_publisher":"https:\/\/www.facebook.com\/nancytunon","article_modified_time":"2024-11-22T12:15:38+00:00","og_image":[{"width":1707,"height":2560,"url":"https:\/\/nancy-tunon.com\/wp-content\/uploads\/2024\/11\/ANNA9-scaled.jpg","type":"image\/jpeg"}],"twitter_card":"summary_large_image","twitter_misc":{"Tiempo de lectura":"2 minutos"},"schema":{"@context":"https:\/\/schema.org","@graph":[{"@type":"WebPage","@id":"https:\/\/nancy-tunon.com\/es\/actor\/anna-puigdueta\/","url":"https:\/\/nancy-tunon.com\/es\/actor\/anna-puigdueta\/","name":"Anna Puigdueta - Nancy Tu\u00f1\u00f3n","isPartOf":{"@id":"https:\/\/nancy-tunon.com\/es\/#website"},"primaryImageOfPage":{"@id":"https:\/\/nancy-tunon.com\/es\/actor\/anna-puigdueta\/#primaryimage"},"image":{"@id":"https:\/\/nancy-tunon.com\/es\/actor\/anna-puigdueta\/#primaryimage"},"thumbnailUrl":"https:\/\/nancy-tunon.com\/wp-content\/uploads\/2024\/11\/ANNA9-scaled.jpg","datePublished":"2024-11-22T12:07:02+00:00","dateModified":"2024-11-22T12:15:38+00:00","breadcrumb":{"@id":"https:\/\/nancy-tunon.com\/es\/actor\/anna-puigdueta\/#breadcrumb"},"inLanguage":"es","potentialAction":[{"@type":"ReadAction","target":["https:\/\/nancy-tunon.com\/es\/actor\/anna-puigdueta\/"]}]},{"@type":"ImageObject","inLanguage":"es","@id":"https:\/\/nancy-tunon.com\/es\/actor\/anna-puigdueta\/#primaryimage","url":"https:\/\/nancy-tunon.com\/wp-content\/uploads\/2024\/11\/ANNA9-scaled.jpg","contentUrl":"https:\/\/nancy-tunon.com\/wp-content\/uploads\/2024\/11\/ANNA9-scaled.jpg","width":1707,"height":2560},{"@type":"BreadcrumbList","@id":"https:\/\/nancy-tunon.com\/es\/actor\/anna-puigdueta\/#breadcrumb","itemListElement":[{"@type":"ListItem","position":1,"name":"Portada","item":"https:\/\/nancy-tunon.com\/es\/nancy-tunon-escuela-de-teatro-en-barcelona\/"},{"@type":"ListItem","position":2,"name":"Anna Puigdueta"}]},{"@type":"WebSite","@id":"https:\/\/nancy-tunon.com\/es\/#website","url":"https:\/\/nancy-tunon.com\/es\/","name":"Nancy Tu\u00f1\u00f3n","description":"Escuela de actores en Barcelona","publisher":{"@id":"https:\/\/nancy-tunon.com\/es\/#organization"},"alternateName":"Nancy Tunon","potentialAction":[{"@type":"SearchAction","target":{"@type":"EntryPoint","urlTemplate":"https:\/\/nancy-tunon.com\/es\/?s={search_term_string}"},"query-input":{"@type":"PropertyValueSpecification","valueRequired":true,"valueName":"search_term_string"}}],"inLanguage":"es"},{"@type":"Organization","@id":"https:\/\/nancy-tunon.com\/es\/#organization","name":"Nancy Tu\u00f1\u00f3n","url":"https:\/\/nancy-tunon.com\/es\/","logo":{"@type":"ImageObject","inLanguage":"es","@id":"https:\/\/nancy-tunon.com\/es\/#\/schema\/logo\/image\/","url":"http:\/\/nancy-tunon.com\/wp-content\/uploads\/2024\/01\/nancy-t-footer-svg.svg","contentUrl":"http:\/\/nancy-tunon.com\/wp-content\/uploads\/2024\/01\/nancy-t-footer-svg.svg","width":906,"height":431,"caption":"Nancy Tu\u00f1\u00f3n"},"image":{"@id":"https:\/\/nancy-tunon.com\/es\/#\/schema\/logo\/image\/"},"sameAs":["https:\/\/www.facebook.com\/nancytunon","https:\/\/www.tiktok.com\/@escolanancytunon"]}]}},"_links":{"self":[{"href":"https:\/\/nancy-tunon.com\/es\/wp-json\/wp\/v2\/actor\/3759","targetHints":{"allow":["GET"]}}],"collection":[{"href":"https:\/\/nancy-tunon.com\/es\/wp-json\/wp\/v2\/actor"}],"about":[{"href":"https:\/\/nancy-tunon.com\/es\/wp-json\/wp\/v2\/types\/actor"}],"author":[{"embeddable":true,"href":"https:\/\/nancy-tunon.com\/es\/wp-json\/wp\/v2\/users\/3"}],"wp:featuredmedia":[{"embeddable":true,"href":"https:\/\/nancy-tunon.com\/es\/wp-json\/wp\/v2\/media\/3756"}],"wp:attachment":[{"href":"https:\/\/nancy-tunon.com\/es\/wp-json\/wp\/v2\/media?parent=3759"}],"wp:term":[{"taxonomy":"edad-y-genero","embeddable":true,"href":"https:\/\/nancy-tunon.com\/es\/wp-json\/wp\/v2\/genero?post=3759"},{"taxonomy":"edad","embeddable":true,"href":"https:\/\/nancy-tunon.com\/es\/wp-json\/wp\/v2\/genero?post=3759"}],"curies":[{"name":"wp","href":"https:\/\/api.w.org\/{rel}","templated":true}]}}