{"id":3647,"date":"2024-11-19T14:06:40","date_gmt":"2024-11-19T12:06:40","guid":{"rendered":"http:\/\/nancy-tunon.com\/?post_type=actor&#038;p=3647"},"modified":"2024-11-19T14:06:40","modified_gmt":"2024-11-19T12:06:40","slug":"marta-rodrigo-diaz","status":"publish","type":"actor","link":"https:\/\/nancy-tunon.com\/es\/actor\/marta-rodrigo-diaz\/","title":{"rendered":"Marta Rodrigo Diaz"},"content":{"rendered":"<h3>Formaci\u00f3n<\/h3>\n<p>2016 &#8211; 2018 Diplomatura en \u00c1rte Dram\u00e1tico en el <strong>Estudio Nancy Tu\u00f1on i Jordi Oliver<\/strong>. Barcelona<br \/>\n2024 \u201cLa Cualidad\u201d con <strong>Andr\u00e9s Lima<\/strong>. Espacio la Ventana. Madrid<br \/>\n2024 Intensivo para profesionales con <strong>Lorena Garc\u00eda de las Bayonas<\/strong>. Centro del Actor. Madrid<br \/>\n2024 Formaci\u00f3n en T\u00e9cnica Chejov con <strong>Roberto Cerd\u00e1<\/strong>. Madrid<br \/>\n2023 &#8211; 2024 Teatro f\u00edsico y danza contemporanea con <strong>Manuela Barrero<\/strong> y <strong>Chevi Muraday<\/strong>. LaJoven. Madrid<br \/>\nDanza e interpretaci\u00f3n con <strong>Sol Pic\u00f3<\/strong> en Sala Beckett. Barcelona<br \/>\nCurso Estill Voice Training con <strong>Viv Manning<\/strong> en Escuela E\u00f2lia. Barcelona<br \/>\nCanto particular con <strong>Assumpta Com\u00ed<\/strong> y <strong>Roger Perarnau Vocal Coach<\/strong>. Sabadell.<br \/>\nCurso de camara con <strong>Esteve Rovira<\/strong> y <strong>Sara Bilbatua<\/strong>. Barcelona y Madrid.<br \/>\nCursos interpretaci\u00f3n i dramat\u00fargia con <strong>Josep Maria Mir\u00f3, Denise Duncan<\/strong> y <strong>Pau Carri\u00f3<\/strong> en Sala Beckett. Barcelona<\/p>\n<h3>Teatro<\/h3>\n<p><em>\u201cAndroideballenasirena\u201d<\/em> de <strong>Angela Millano<\/strong>. Laboratorio de creaci\u00f3n. Teatro Pradillo. Madrid (Performance). 2024<br \/>\n\u201c<em>De Nao Albet i Marcel Borr\u00e1s<\/em>\u201d <strong>Dir: Nao Albet i Marcel Borr\u00e1s.<\/strong> Teatre Nacional de Catalunya y Festival de Oto\u00f1o en Teatro de La Abadia. Barcelona y Madrid. 2023<br \/>\n<em>Ant\u00edgona<\/em>\u201d traducci\u00f3n de Tom Colomer. <strong>Dir: Tom Colomer<\/strong>. Cia Amfiteatre. Teatre Principal de Sabadell. 2022<br \/>\n\u201c<em>Un enemigo del pueblo<\/em>\u201d de Henrik Ibsen. <strong>Dir: Tom Colomer<\/strong>. Cia Amfiteatre. Teatre Gaud\u00ed. Barcelona. 2022<br \/>\n\u201c<em>El llindar de l<\/em><em>\u2019<\/em><em>oblit<\/em>\u201d de Joan Solana. <strong>Dir: Joan Solana i Figueres<\/strong>. Eironeia Produccions. La Factoria de Banyoles. 2021<br \/>\n<em>\u201c<\/em><em>Coriol<\/em><em>\u00e0\u201d <\/em>de Shakespeare. <strong>Dir: Tom Colomer<\/strong>. Cia: Amfiteatre. Teatre la Quartera Sabadell. 2021<br \/>\n<em>\u201c<\/em><em>La noche arabe\u201d <\/em>de Roland Schimmelpfennig. <strong>Dir: Cristian Ortega<\/strong>. Institut del Teatre. 2020<br \/>\n<em>\u201c<\/em><em>La com\u00e8<\/em><em>dia de l<\/em><em>\u2019<\/em><em>olla<\/em><em>\u201d <\/em>(Adaptaci\u00f3 de la cia.TeatreTotTerreny) de Pau Matas. <strong>Dir: Quimet Pla<\/strong>. Cia: Teatre Tot Terreny. Sala Sandaru. 2020<br \/>\n<em>\u201cIntimidad\u201d<\/em> de Jose Sanchis Sinisterra. <strong>Dir: Pepa Fluvi\u00e0<\/strong>. Sala Versus Teatre. 2018<\/p>\n<h3>Cine<\/h3>\n<p><em>\u201cAmor Eterno: Una trag\u00e9dia anunciada\u201d<\/em> <strong>Dir: Mario Pagano<\/strong>. Largometraje. Goodfriends Produccions. 2024<br \/>\n<em>\u201cCorderito\u201d<\/em> <strong>Dir: Alejandro L\u00f3pez<\/strong>. Cortometraje 2024<br \/>\n<em>\u201cOne to One\u201d<\/em> <strong>Dir: Maria Lorente<\/strong>. Videoclip Davy Lyons. 2023<br \/>\n\u201c<em>Vinya del mar<\/em>\u201d. <strong>Dir: Val<\/strong><strong>\u00e8<\/strong><strong>ria N Saur\u00ed<\/strong>. Videoclip Ven\u2019nus. 2022<br \/>\n\u201c<em>Camara Obscura<\/em>\u201d <strong>Dir: Maria Lorente. <\/strong>Cortometraje. ESCAC. 2021<br \/>\n\u201c<em>Punt Peu Fabra<\/em>\u201d <strong>Dir: Llu\u00ed<\/strong><strong>s Domingo. <\/strong>Videoclip Ven\u2019nus. Forest Film Studio 2021<br \/>\n<em>\u201c<\/em><em>No <\/em><em>\u00e9s res<\/em><em>\u201d <\/em><strong>Dir: J\u00fa<\/strong><strong>lia Fern<\/strong><strong>\u00e0<\/strong><strong>ndez. <\/strong>Cortometraje. ESCAC 2020<\/p>\n<h3>Televisi\u00f3n<\/h3>\n<p><em>Los Herederos de la Tierra\u201d <\/em><strong>Dir: Jordi Frades. <\/strong>Netflix, Diagonal TV. 2021<br \/>\nAnuncio \u201c<em>Festival Idilic 2023<\/em>\u201d, \u201c<em>La noche de los museos<\/em>\u201d y \u201c<em>Festival 42<\/em>\u201d ICUB. Barcelona.<\/p>\n<h3>Habilidades<\/h3>\n<p>Guitarra espa\u00f1ola<br \/>\nTeclado piano<br \/>\nF\u00fatbol sala<br \/>\nEscalada nivel medio<br \/>\nFotograf\u00eda<\/p>\n","protected":false},"excerpt":{"rendered":"<p>Formaci\u00f3n 2016 &#8211; 2018 Diplomatura en \u00c1rte Dram\u00e1tico en el Estudio Nancy Tu\u00f1on i Jordi Oliver. Barcelona 2024 \u201cLa Cualidad\u201d con Andr\u00e9s Lima. Espacio la Ventana. Madrid 2024 Intensivo para profesionales con Lorena Garc\u00eda de las Bayonas. Centro del Actor. Madrid 2024 Formaci\u00f3n en T\u00e9cnica Chejov con Roberto Cerd\u00e1. Madrid 2023 &#8211; 2024 Teatro f\u00edsico [&hellip;]<\/p>\n","protected":false},"author":3,"featured_media":3643,"template":"","meta":{"_acf_changed":false,"inline_featured_image":false},"genero":[41],"class_list":["post-3647","actor","type-actor","status-publish","has-post-thumbnail","hentry","edad-y-genero-mujer","edad-de-25-a-35-es"],"acf":[],"yoast_head":"<!-- This site is optimized with the Yoast SEO plugin v27.5 - https:\/\/yoast.com\/product\/yoast-seo-wordpress\/ -->\n<title>Marta Rodrigo Diaz - Nancy Tu\u00f1\u00f3n<\/title>\n<meta name=\"robots\" content=\"index, follow, max-snippet:-1, max-image-preview:large, max-video-preview:-1\" \/>\n<link rel=\"canonical\" href=\"https:\/\/nancy-tunon.com\/es\/actor\/marta-rodrigo-diaz\/\" \/>\n<meta property=\"og:locale\" content=\"es_ES\" \/>\n<meta property=\"og:type\" content=\"article\" \/>\n<meta property=\"og:title\" content=\"Marta Rodrigo Diaz - Nancy Tu\u00f1\u00f3n\" \/>\n<meta property=\"og:description\" content=\"Formaci\u00f3n 2016 &#8211; 2018 Diplomatura en \u00c1rte Dram\u00e1tico en el Estudio Nancy Tu\u00f1on i Jordi Oliver. Barcelona 2024 \u201cLa Cualidad\u201d con Andr\u00e9s Lima. Espacio la Ventana. Madrid 2024 Intensivo para profesionales con Lorena Garc\u00eda de las Bayonas. Centro del Actor. Madrid 2024 Formaci\u00f3n en T\u00e9cnica Chejov con Roberto Cerd\u00e1. Madrid 2023 &#8211; 2024 Teatro f\u00edsico [&hellip;]\" \/>\n<meta property=\"og:url\" content=\"https:\/\/nancy-tunon.com\/es\/actor\/marta-rodrigo-diaz\/\" \/>\n<meta property=\"og:site_name\" content=\"Nancy Tu\u00f1\u00f3n\" \/>\n<meta property=\"article:publisher\" content=\"https:\/\/www.facebook.com\/nancytunon\" \/>\n<meta property=\"og:image\" content=\"https:\/\/nancy-tunon.com\/wp-content\/uploads\/2024\/11\/MARTA-RODRIGO-RAW-00629.jpg\" \/>\n\t<meta property=\"og:image:width\" content=\"1139\" \/>\n\t<meta property=\"og:image:height\" content=\"1708\" \/>\n\t<meta property=\"og:image:type\" content=\"image\/jpeg\" \/>\n<meta name=\"twitter:card\" content=\"summary_large_image\" \/>\n<meta name=\"twitter:label1\" content=\"Tiempo de lectura\" \/>\n\t<meta name=\"twitter:data1\" content=\"3 minutos\" \/>\n<script type=\"application\/ld+json\" class=\"yoast-schema-graph\">{\"@context\":\"https:\\\/\\\/schema.org\",\"@graph\":[{\"@type\":\"WebPage\",\"@id\":\"https:\\\/\\\/nancy-tunon.com\\\/es\\\/actor\\\/marta-rodrigo-diaz\\\/\",\"url\":\"https:\\\/\\\/nancy-tunon.com\\\/es\\\/actor\\\/marta-rodrigo-diaz\\\/\",\"name\":\"Marta Rodrigo Diaz - Nancy Tu\u00f1\u00f3n\",\"isPartOf\":{\"@id\":\"https:\\\/\\\/nancy-tunon.com\\\/es\\\/#website\"},\"primaryImageOfPage\":{\"@id\":\"https:\\\/\\\/nancy-tunon.com\\\/es\\\/actor\\\/marta-rodrigo-diaz\\\/#primaryimage\"},\"image\":{\"@id\":\"https:\\\/\\\/nancy-tunon.com\\\/es\\\/actor\\\/marta-rodrigo-diaz\\\/#primaryimage\"},\"thumbnailUrl\":\"https:\\\/\\\/nancy-tunon.com\\\/wp-content\\\/uploads\\\/2024\\\/11\\\/MARTA-RODRIGO-RAW-00629.jpg\",\"datePublished\":\"2024-11-19T12:06:40+00:00\",\"breadcrumb\":{\"@id\":\"https:\\\/\\\/nancy-tunon.com\\\/es\\\/actor\\\/marta-rodrigo-diaz\\\/#breadcrumb\"},\"inLanguage\":\"es\",\"potentialAction\":[{\"@type\":\"ReadAction\",\"target\":[\"https:\\\/\\\/nancy-tunon.com\\\/es\\\/actor\\\/marta-rodrigo-diaz\\\/\"]}]},{\"@type\":\"ImageObject\",\"inLanguage\":\"es\",\"@id\":\"https:\\\/\\\/nancy-tunon.com\\\/es\\\/actor\\\/marta-rodrigo-diaz\\\/#primaryimage\",\"url\":\"https:\\\/\\\/nancy-tunon.com\\\/wp-content\\\/uploads\\\/2024\\\/11\\\/MARTA-RODRIGO-RAW-00629.jpg\",\"contentUrl\":\"https:\\\/\\\/nancy-tunon.com\\\/wp-content\\\/uploads\\\/2024\\\/11\\\/MARTA-RODRIGO-RAW-00629.jpg\",\"width\":1139,\"height\":1708},{\"@type\":\"BreadcrumbList\",\"@id\":\"https:\\\/\\\/nancy-tunon.com\\\/es\\\/actor\\\/marta-rodrigo-diaz\\\/#breadcrumb\",\"itemListElement\":[{\"@type\":\"ListItem\",\"position\":1,\"name\":\"Portada\",\"item\":\"https:\\\/\\\/nancy-tunon.com\\\/es\\\/nancy-tunon-escuela-de-teatro-en-barcelona\\\/\"},{\"@type\":\"ListItem\",\"position\":2,\"name\":\"Marta Rodrigo Diaz\"}]},{\"@type\":\"WebSite\",\"@id\":\"https:\\\/\\\/nancy-tunon.com\\\/es\\\/#website\",\"url\":\"https:\\\/\\\/nancy-tunon.com\\\/es\\\/\",\"name\":\"Nancy Tu\u00f1\u00f3n\",\"description\":\"Escuela de actores en Barcelona\",\"publisher\":{\"@id\":\"https:\\\/\\\/nancy-tunon.com\\\/es\\\/#organization\"},\"alternateName\":\"Nancy Tunon\",\"potentialAction\":[{\"@type\":\"SearchAction\",\"target\":{\"@type\":\"EntryPoint\",\"urlTemplate\":\"https:\\\/\\\/nancy-tunon.com\\\/es\\\/?s={search_term_string}\"},\"query-input\":{\"@type\":\"PropertyValueSpecification\",\"valueRequired\":true,\"valueName\":\"search_term_string\"}}],\"inLanguage\":\"es\"},{\"@type\":\"Organization\",\"@id\":\"https:\\\/\\\/nancy-tunon.com\\\/es\\\/#organization\",\"name\":\"Nancy Tu\u00f1\u00f3n\",\"url\":\"https:\\\/\\\/nancy-tunon.com\\\/es\\\/\",\"logo\":{\"@type\":\"ImageObject\",\"inLanguage\":\"es\",\"@id\":\"https:\\\/\\\/nancy-tunon.com\\\/es\\\/#\\\/schema\\\/logo\\\/image\\\/\",\"url\":\"http:\\\/\\\/nancy-tunon.com\\\/wp-content\\\/uploads\\\/2024\\\/01\\\/nancy-t-footer-svg.svg\",\"contentUrl\":\"http:\\\/\\\/nancy-tunon.com\\\/wp-content\\\/uploads\\\/2024\\\/01\\\/nancy-t-footer-svg.svg\",\"width\":906,\"height\":431,\"caption\":\"Nancy Tu\u00f1\u00f3n\"},\"image\":{\"@id\":\"https:\\\/\\\/nancy-tunon.com\\\/es\\\/#\\\/schema\\\/logo\\\/image\\\/\"},\"sameAs\":[\"https:\\\/\\\/www.facebook.com\\\/nancytunon\",\"https:\\\/\\\/www.tiktok.com\\\/@escolanancytunon\"]}]}<\/script>\n<!-- \/ Yoast SEO plugin. -->","yoast_head_json":{"title":"Marta Rodrigo Diaz - Nancy Tu\u00f1\u00f3n","robots":{"index":"index","follow":"follow","max-snippet":"max-snippet:-1","max-image-preview":"max-image-preview:large","max-video-preview":"max-video-preview:-1"},"canonical":"https:\/\/nancy-tunon.com\/es\/actor\/marta-rodrigo-diaz\/","og_locale":"es_ES","og_type":"article","og_title":"Marta Rodrigo Diaz - Nancy Tu\u00f1\u00f3n","og_description":"Formaci\u00f3n 2016 &#8211; 2018 Diplomatura en \u00c1rte Dram\u00e1tico en el Estudio Nancy Tu\u00f1on i Jordi Oliver. Barcelona 2024 \u201cLa Cualidad\u201d con Andr\u00e9s Lima. Espacio la Ventana. Madrid 2024 Intensivo para profesionales con Lorena Garc\u00eda de las Bayonas. Centro del Actor. Madrid 2024 Formaci\u00f3n en T\u00e9cnica Chejov con Roberto Cerd\u00e1. Madrid 2023 &#8211; 2024 Teatro f\u00edsico [&hellip;]","og_url":"https:\/\/nancy-tunon.com\/es\/actor\/marta-rodrigo-diaz\/","og_site_name":"Nancy Tu\u00f1\u00f3n","article_publisher":"https:\/\/www.facebook.com\/nancytunon","og_image":[{"width":1139,"height":1708,"url":"https:\/\/nancy-tunon.com\/wp-content\/uploads\/2024\/11\/MARTA-RODRIGO-RAW-00629.jpg","type":"image\/jpeg"}],"twitter_card":"summary_large_image","twitter_misc":{"Tiempo de lectura":"3 minutos"},"schema":{"@context":"https:\/\/schema.org","@graph":[{"@type":"WebPage","@id":"https:\/\/nancy-tunon.com\/es\/actor\/marta-rodrigo-diaz\/","url":"https:\/\/nancy-tunon.com\/es\/actor\/marta-rodrigo-diaz\/","name":"Marta Rodrigo Diaz - Nancy Tu\u00f1\u00f3n","isPartOf":{"@id":"https:\/\/nancy-tunon.com\/es\/#website"},"primaryImageOfPage":{"@id":"https:\/\/nancy-tunon.com\/es\/actor\/marta-rodrigo-diaz\/#primaryimage"},"image":{"@id":"https:\/\/nancy-tunon.com\/es\/actor\/marta-rodrigo-diaz\/#primaryimage"},"thumbnailUrl":"https:\/\/nancy-tunon.com\/wp-content\/uploads\/2024\/11\/MARTA-RODRIGO-RAW-00629.jpg","datePublished":"2024-11-19T12:06:40+00:00","breadcrumb":{"@id":"https:\/\/nancy-tunon.com\/es\/actor\/marta-rodrigo-diaz\/#breadcrumb"},"inLanguage":"es","potentialAction":[{"@type":"ReadAction","target":["https:\/\/nancy-tunon.com\/es\/actor\/marta-rodrigo-diaz\/"]}]},{"@type":"ImageObject","inLanguage":"es","@id":"https:\/\/nancy-tunon.com\/es\/actor\/marta-rodrigo-diaz\/#primaryimage","url":"https:\/\/nancy-tunon.com\/wp-content\/uploads\/2024\/11\/MARTA-RODRIGO-RAW-00629.jpg","contentUrl":"https:\/\/nancy-tunon.com\/wp-content\/uploads\/2024\/11\/MARTA-RODRIGO-RAW-00629.jpg","width":1139,"height":1708},{"@type":"BreadcrumbList","@id":"https:\/\/nancy-tunon.com\/es\/actor\/marta-rodrigo-diaz\/#breadcrumb","itemListElement":[{"@type":"ListItem","position":1,"name":"Portada","item":"https:\/\/nancy-tunon.com\/es\/nancy-tunon-escuela-de-teatro-en-barcelona\/"},{"@type":"ListItem","position":2,"name":"Marta Rodrigo Diaz"}]},{"@type":"WebSite","@id":"https:\/\/nancy-tunon.com\/es\/#website","url":"https:\/\/nancy-tunon.com\/es\/","name":"Nancy Tu\u00f1\u00f3n","description":"Escuela de actores en Barcelona","publisher":{"@id":"https:\/\/nancy-tunon.com\/es\/#organization"},"alternateName":"Nancy Tunon","potentialAction":[{"@type":"SearchAction","target":{"@type":"EntryPoint","urlTemplate":"https:\/\/nancy-tunon.com\/es\/?s={search_term_string}"},"query-input":{"@type":"PropertyValueSpecification","valueRequired":true,"valueName":"search_term_string"}}],"inLanguage":"es"},{"@type":"Organization","@id":"https:\/\/nancy-tunon.com\/es\/#organization","name":"Nancy Tu\u00f1\u00f3n","url":"https:\/\/nancy-tunon.com\/es\/","logo":{"@type":"ImageObject","inLanguage":"es","@id":"https:\/\/nancy-tunon.com\/es\/#\/schema\/logo\/image\/","url":"http:\/\/nancy-tunon.com\/wp-content\/uploads\/2024\/01\/nancy-t-footer-svg.svg","contentUrl":"http:\/\/nancy-tunon.com\/wp-content\/uploads\/2024\/01\/nancy-t-footer-svg.svg","width":906,"height":431,"caption":"Nancy Tu\u00f1\u00f3n"},"image":{"@id":"https:\/\/nancy-tunon.com\/es\/#\/schema\/logo\/image\/"},"sameAs":["https:\/\/www.facebook.com\/nancytunon","https:\/\/www.tiktok.com\/@escolanancytunon"]}]}},"_links":{"self":[{"href":"https:\/\/nancy-tunon.com\/es\/wp-json\/wp\/v2\/actor\/3647","targetHints":{"allow":["GET"]}}],"collection":[{"href":"https:\/\/nancy-tunon.com\/es\/wp-json\/wp\/v2\/actor"}],"about":[{"href":"https:\/\/nancy-tunon.com\/es\/wp-json\/wp\/v2\/types\/actor"}],"author":[{"embeddable":true,"href":"https:\/\/nancy-tunon.com\/es\/wp-json\/wp\/v2\/users\/3"}],"wp:featuredmedia":[{"embeddable":true,"href":"https:\/\/nancy-tunon.com\/es\/wp-json\/wp\/v2\/media\/3643"}],"wp:attachment":[{"href":"https:\/\/nancy-tunon.com\/es\/wp-json\/wp\/v2\/media?parent=3647"}],"wp:term":[{"taxonomy":"edad-y-genero","embeddable":true,"href":"https:\/\/nancy-tunon.com\/es\/wp-json\/wp\/v2\/genero?post=3647"},{"taxonomy":"edad","embeddable":true,"href":"https:\/\/nancy-tunon.com\/es\/wp-json\/wp\/v2\/genero?post=3647"}],"curies":[{"name":"wp","href":"https:\/\/api.w.org\/{rel}","templated":true}]}}